{"id":2297,"date":"2026-03-04T12:44:29","date_gmt":"2026-03-04T12:44:29","guid":{"rendered":"https:\/\/epinut.umh.es\/?page_id=2297"},"modified":"2026-03-25T10:24:29","modified_gmt":"2026-03-25T10:24:29","slug":"equipo_epinut_umh","status":"publish","type":"page","link":"https:\/\/epinut.umh.es\/en\/equipo_epinut_umh\/","title":{"rendered":"(Espa\u00f1ol) Equipo EPINUT Umh"},"content":{"rendered":"<p>[et_pb_section fb_built=&#8221;1&#8243; _builder_version=&#8221;4.17.4&#8243; _module_preset=&#8221;default&#8221; background_color=&#8221;#e8f5ee&#8221; locked=&#8221;off&#8221; global_colors_info=&#8221;{}&#8221;][et_pb_row column_structure=&#8221;3_5,2_5&#8243; _builder_version=&#8221;4.17.4&#8243; _module_preset=&#8221;default&#8221; global_colors_info=&#8221;{}&#8221;][et_pb_column type=&#8221;3_5&#8243; _builder_version=&#8221;4.17.4&#8243; _module_preset=&#8221;default&#8221; global_colors_info=&#8221;{}&#8221;][et_pb_text _builder_version=&#8221;4.17.4&#8243; _module_preset=&#8221;default&#8221; text_font=&#8221;Times New Roman||||||||&#8221; text_text_color=&#8221;#000000&#8243; text_font_size=&#8221;13px&#8221; background_color=&#8221;#adf4ce&#8221; width=&#8221;60%&#8221; custom_margin=&#8221;||||false|false&#8221; custom_padding=&#8221;5px|25px|5px|25px|true|true&#8221; border_radii=&#8221;on|21px|21px|21px|21px&#8221; global_colors_info=&#8221;{}&#8221;]<\/p>\n<p><span>Grupo de Investigaci\u00f3n \u00b7 UMH \u00b7 Elche<\/span><\/p>\n<p>[\/et_pb_text][et_pb_text _builder_version=&#8221;4.17.4&#8243; _module_preset=&#8221;default&#8221; text_font=&#8221;Times New Roman||||||||&#8221; text_font_size=&#8221;15px&#8221; header_font=&#8221;DM Serif Display|700|||||||&#8221; header_font_size=&#8221;41px&#8221; header_line_height=&#8221;1.1em&#8221; global_colors_info=&#8221;{}&#8221;]<\/p>\n<h1><\/h1>\n<h1>Nuestro <span style=\"color: #195c38\"><em>equipo<\/em><\/span>.<\/h1>\n<p><span>Profesionales multidisciplinares dedicados a la investigaci\u00f3n en epidemiolog\u00eda nutricional, unidos por el compromiso de mejorar el conocimiento sobre la relaci\u00f3n entre dieta y salud.<\/span><\/p>\n<p>[\/et_pb_text][\/et_pb_column][et_pb_column type=&#8221;2_5&#8243; _builder_version=&#8221;4.17.4&#8243; _module_preset=&#8221;default&#8221; global_colors_info=&#8221;{}&#8221;][\/et_pb_column][\/et_pb_row][\/et_pb_section][et_pb_section fb_built=&#8221;1&#8243; _builder_version=&#8221;4.17.4&#8243; _module_preset=&#8221;default&#8221; background_color=&#8221;#13362f&#8221; custom_margin=&#8221;0px||0px||false|false&#8221; custom_padding=&#8221;20px||20px||false|false&#8221; locked=&#8221;off&#8221; global_colors_info=&#8221;{}&#8221;][et_pb_row column_structure=&#8221;1_3,1_3,1_3&#8243; _builder_version=&#8221;4.17.4&#8243; _module_preset=&#8221;default&#8221; custom_margin=&#8221;0px||0px||false|false&#8221; custom_padding=&#8221;0px||0px||false|false&#8221; global_colors_info=&#8221;{}&#8221;][et_pb_column type=&#8221;1_3&#8243; _builder_version=&#8221;4.17.4&#8243; _module_preset=&#8221;default&#8221; global_colors_info=&#8221;{}&#8221;][et_pb_number_counter title=&#8221;Miembros del equipo&#8221; number=&#8221;12&#8243; percent_sign=&#8221;off&#8221; _builder_version=&#8221;4.17.4&#8243; _module_preset=&#8221;default&#8221; title_font=&#8221;Times New Roman||||||||&#8221; title_font_size=&#8221;14px&#8221; title_letter_spacing=&#8221;1px&#8221; number_font=&#8221;DM Serif Display||||||||&#8221; number_text_color=&#8221;#FFFFFF&#8221; number_font_size=&#8221;55px&#8221; number_line_height=&#8221;100px&#8221; background_layout=&#8221;dark&#8221; global_colors_info=&#8221;{}&#8221;][\/et_pb_number_counter][\/et_pb_column][et_pb_column type=&#8221;1_3&#8243; _builder_version=&#8221;4.17.4&#8243; _module_preset=&#8221;default&#8221; global_colors_info=&#8221;{}&#8221;][et_pb_number_counter title=&#8221;Proyectos&#8221; number=&#8221;10&#8243; percent_sign=&#8221;off&#8221; _builder_version=&#8221;4.17.4&#8243; _module_preset=&#8221;default&#8221; title_font=&#8221;Times New Roman||||||||&#8221; title_font_size=&#8221;14px&#8221; title_letter_spacing=&#8221;1px&#8221; number_font=&#8221;DM Serif Display||||||||&#8221; number_text_color=&#8221;#FFFFFF&#8221; number_font_size=&#8221;55px&#8221; number_line_height=&#8221;100px&#8221; background_layout=&#8221;dark&#8221; global_colors_info=&#8221;{}&#8221;][\/et_pb_number_counter][\/et_pb_column][et_pb_column type=&#8221;1_3&#8243; _builder_version=&#8221;4.17.4&#8243; _module_preset=&#8221;default&#8221; global_colors_info=&#8221;{}&#8221;][et_pb_number_counter title=&#8221;A\u00f1os de Trayectoria&#8221; number=&#8221;30+&#8221; percent_sign=&#8221;off&#8221; _builder_version=&#8221;4.17.4&#8243; _module_preset=&#8221;default&#8221; title_font=&#8221;Times New Roman||||||||&#8221; title_font_size=&#8221;14px&#8221; title_letter_spacing=&#8221;1px&#8221; number_font=&#8221;DM Serif Display||||||||&#8221; number_text_color=&#8221;#FFFFFF&#8221; number_font_size=&#8221;55px&#8221; number_line_height=&#8221;100px&#8221; background_layout=&#8221;dark&#8221; global_colors_info=&#8221;{}&#8221;][\/et_pb_number_counter][\/et_pb_column][\/et_pb_row][\/et_pb_section][et_pb_section fb_built=&#8221;1&#8243; _builder_version=&#8221;4.17.4&#8243; _module_preset=&#8221;default&#8221; max_width_tablet=&#8221;&#8221; max_width_phone=&#8221;&#8221; max_width_last_edited=&#8221;on|phone&#8221; custom_padding=&#8221;||0px||false|false&#8221; locked=&#8221;off&#8221; global_colors_info=&#8221;{}&#8221;][et_pb_row column_structure=&#8221;2_3,1_3&#8243; make_equal=&#8221;on&#8221; _builder_version=&#8221;4.17.4&#8243; _module_preset=&#8221;default&#8221; global_colors_info=&#8221;{}&#8221;][et_pb_column type=&#8221;2_3&#8243; _builder_version=&#8221;4.17.4&#8243; _module_preset=&#8221;default&#8221; global_colors_info=&#8221;{}&#8221;][et_pb_text quote_border_weight=&#8221;2px&#8221; quote_border_color=&#8221;#13362f&#8221; _builder_version=&#8221;4.17.4&#8243; _module_preset=&#8221;default&#8221; text_font=&#8221;Times New Roman||||||||&#8221; text_font_size=&#8221;15px&#8221; quote_font=&#8221;Times New Roman|300|||||||&#8221; quote_text_color=&#8221;#13362f&#8221; quote_font_size=&#8221;13px&#8221; header_font=&#8221;DM Serif Display|700|||||||&#8221; header_font_size=&#8221;41px&#8221; header_line_height=&#8221;1.1em&#8221; header_2_font=&#8221;DM Serif Display||||||||&#8221; header_2_font_size=&#8221;38px&#8221; global_colors_info=&#8221;{}&#8221;]<\/p>\n<blockquote>\n<p><strong>\u2014\u00a0 <\/strong>INVESTIGADORES PRINCIPALES<\/p>\n<\/blockquote>\n<h2>El equipo que <span style=\"color: #195c38\"><em>lidera\u00a0<\/em><\/span>la investigaci\u00f3n<\/h2>\n<p>[\/et_pb_text][\/et_pb_column][et_pb_column type=&#8221;1_3&#8243; _builder_version=&#8221;4.17.4&#8243; _module_preset=&#8221;default&#8221; global_colors_info=&#8221;{}&#8221;][\/et_pb_column][\/et_pb_row][\/et_pb_section][et_pb_section fb_built=&#8221;1&#8243; disabled_on=&#8221;off|off|off&#8221; _builder_version=&#8221;4.17.4&#8243; _module_preset=&#8221;default&#8221; width=&#8221;1300px&#8221; width_tablet=&#8221;800px&#8221; width_phone=&#8221;auto&#8221; width_last_edited=&#8221;on|phone&#8221; max_width=&#8221;1300px&#8221; max_width_tablet=&#8221;800px&#8221; max_width_phone=&#8221;800px&#8221; max_width_last_edited=&#8221;on|tablet&#8221; module_alignment=&#8221;center&#8221; custom_padding=&#8221;60px||76px||false|false&#8221; locked=&#8221;off&#8221; global_colors_info=&#8221;{}&#8221;][et_pb_row column_structure=&#8221;1_3,2_3&#8243; module_class=&#8221;epinut-card-ip&#8221; _builder_version=&#8221;4.17.4&#8243; _module_preset=&#8221;default&#8221; width=&#8221;90%&#8221; width_tablet=&#8221;80%&#8221; width_phone=&#8221;80%&#8221; width_last_edited=&#8221;on|desktop&#8221; module_alignment=&#8221;center&#8221; overflow-x=&#8221;hidden&#8221; overflow-y=&#8221;hidden&#8221; custom_margin=&#8221;||24px||false|false&#8221; custom_padding=&#8221;0px|0px|0px|0px|false|false&#8221; border_radii=&#8221;on|20px|20px|20px|20px&#8221; border_width_all=&#8221;1px&#8221; border_color_all=&#8221;#d1e7db&#8221; box_shadow_style=&#8221;preset2&#8243; box_shadow_blur=&#8221;16px&#8221; box_shadow_color=&#8221;rgba(26,92,56,0.21)&#8221; global_colors_info=&#8221;{}&#8221;][et_pb_column type=&#8221;1_3&#8243; _builder_version=&#8221;4.17.4&#8243; _module_preset=&#8221;default&#8221; background_color=&#8221;#c2e8d3&#8243; overflow-x=&#8221;hidden&#8221; overflow-y=&#8221;hidden&#8221; custom_padding=&#8221;0px|0px|0px|0px|false|false&#8221; global_colors_info=&#8221;{}&#8221;][et_pb_image src=&#8221;https:\/\/epinut.umh.es\/files\/2025\/12\/Jesu\u0301s-Vioque.png&#8221; alt=&#8221;Foto de Dr. Jes\u00fas Vioque L\u00f3pez&#8221; title_text=&#8221;Jesu\u0301s Vioque&#8221; align=&#8221;center&#8221; force_fullwidth=&#8221;on&#8221; module_class=&#8221;epinut-foto-ip&#8221; _builder_version=&#8221;4.17.4&#8243; _module_preset=&#8221;default&#8221; custom_margin=&#8221;0px|0px|0px|0px|false|false&#8221; custom_padding=&#8221;0px|0px|0px|0px|false|false&#8221; global_colors_info=&#8221;{}&#8221;][\/et_pb_image][\/et_pb_column][et_pb_column type=&#8221;2_3&#8243; _builder_version=&#8221;4.17.4&#8243; _module_preset=&#8221;default&#8221; custom_padding=&#8221;24px|28px|0px|28px|false|false&#8221; global_colors_info=&#8221;{}&#8221;][et_pb_text _builder_version=&#8221;4.17.4&#8243; _module_preset=&#8221;default&#8221; global_colors_info=&#8221;{}&#8221;]<span class=\"epinut-etiq epinut-etiq--director\">DIRECTOR<\/span><\/p>\n<h3 class=\"epinut-nombre\">Dr. Jes\u00fas Vioque L\u00f3pez<\/h3>\n<p class=\"epinut-cargo\"><strong>DIRECTOR DEL GRUPO EPINUT<\/strong><br \/>\n&#8211; Catedr\u00e1tico en Medicina Preventiva y Salud P\u00fablica<\/p>\n<p class=\"epinut-bio\">Licenciado en Medicina por la Universidad de Sevilla (MD), Master en Salud P\u00fablica por la Escuela de Salud P\u00fablica de Harvard (MPH), Doctor en Medicina por Universidad de Alicante (PhD). Catedr\u00e1tico de Medicina Preventiva y Salud P\u00fablica.<\/p>\n<div class=\"epinut-links\"><a href=\"https:\/\/orcid.org\/0000-0002-2284-148X\" class=\"epinut-chip\" target=\"_blank\" rel=\"noopener\">\ud83d\udd17 ORCID<\/a> <a href=\"https:\/\/scholar.google.com\/citations?user=GR8E3PsAAAAJ&amp;hl=es\" class=\"epinut-chip\">\ud83d\udcc4 Google Scholar<\/a><\/div>\n<div class=\"epinut-links\"><\/div>\n<div class=\"epinut-links\"><\/div>\n<div class=\"epinut-links\"><\/div>\n<div class=\"epinut-links\"><\/div>\n<div class=\"epinut-links\"><\/div>\n<p>[\/et_pb_text][\/et_pb_column][\/et_pb_row][et_pb_row column_structure=&#8221;1_3,1_3,1_3&#8243; use_custom_gutter=&#8221;on&#8221; gutter_width=&#8221;2&#8243; make_equal=&#8221;on&#8221; _builder_version=&#8221;4.17.4&#8243; _module_preset=&#8221;default&#8221; background_color=&#8221;#ffffff&#8221; width=&#8221;90%&#8221; width_tablet=&#8221;80%&#8221; width_phone=&#8221;80%&#8221; width_last_edited=&#8221;on|tablet&#8221; module_alignment=&#8221;center&#8221; overflow-x=&#8221;hidden&#8221; overflow-y=&#8221;hidden&#8221; custom_margin=&#8221;||30px||false|false&#8221; custom_padding=&#8221;0px|0px|0px|0px|false|false&#8221; hover_enabled=&#8221;0&#8243; border_radii=&#8221;on|20px|20px|20px|20px&#8221; border_color_all=&#8221;#d1e7db&#8221; global_colors_info=&#8221;{}&#8221; sticky_enabled=&#8221;0&#8243;][et_pb_column type=&#8221;1_3&#8243; _builder_version=&#8221;4.17.4&#8243; _module_preset=&#8221;default&#8221; background_color=&#8221;#f2faf5&#8243; custom_padding=&#8221;||||false|false&#8221; hover_enabled=&#8221;0&#8243; global_colors_info=&#8221;{}&#8221; border_radii=&#8221;on|20px|20px|20px|20px&#8221; border_color_all=&#8221;#d1e7db&#8221; border_width_all=&#8221;1px&#8221; sticky_enabled=&#8221;0&#8243; box_shadow_style=&#8221;preset1&#8243; box_shadow_horizontal=&#8221;8px&#8221; box_shadow_color=&#8221;rgba(26,92,56,0.07)&#8221;][et_pb_image src=&#8221;https:\/\/epinut.umh.es\/files\/2025\/12\/Manuela-Garcia.png&#8221; alt=&#8221;Foto de Dra. Manuela Garc\u00eda de la Hera&#8221; title_text=&#8221;Manuela Garcia&#8221; align=&#8221;center&#8221; force_fullwidth=&#8221;on&#8221; module_class=&#8221;epinut-foto-grid&#8221; _builder_version=&#8221;4.17.4&#8243; _module_preset=&#8221;default&#8221; background_color=&#8221;#ffffff&#8221; custom_padding=&#8221;0px|0px|0px|0px|false|false&#8221; global_colors_info=&#8221;{}&#8221;][\/et_pb_image][et_pb_text _builder_version=&#8221;4.17.4&#8243; _module_preset=&#8221;default&#8221; custom_padding=&#8221;14px|14px|14px|14px|false|false&#8221; global_colors_info=&#8221;{}&#8221;]<span class=\"epinut-etiq epinut-etiq--ip\">INVESTIGADORA SENIOR<\/span><\/p>\n<h3 class=\"epinut-nombre\">Dra. Manuela Garc\u00eda de la Hera<\/h3>\n<p class=\"epinut-cargo\">&#8211; Catedr\u00e1tica en Medicina Preventiva y Salud P\u00fablica<\/p>\n<p class=\"epinut-bio\">Trayectoria investigadora en estudios sobre dieta, estilos de vida y supervivencia en adultos mayores, incorporando el an\u00e1lisis con perspectiva de g\u00e9nero.<\/p>\n<div class=\"epinut-links\"><a href=\"https:\/\/orcid.org\/0000-0001-5742-2704\" class=\"epinut-chip\" target=\"_blank\" rel=\"noopener\">\ud83d\udd17 ORCID<\/a> \u00a0\u00a0<a href=\"https:\/\/scholar.google.com\/citations?user=jUqVTEUAAAAJ&amp;hl=es\" class=\"epinut-chip\">\ud83d\udcc4 Google Scholar<\/a><\/div>\n<div class=\"epinut-links\"><\/div>\n<div class=\"epinut-links\"><\/div>\n<div class=\"epinut-links\"><\/div>\n<div class=\"epinut-links\"><\/div>\n<div class=\"epinut-links\"><\/div>\n<p>[\/et_pb_text][\/et_pb_column][et_pb_column type=&#8221;1_3&#8243; _builder_version=&#8221;4.17.4&#8243; _module_preset=&#8221;default&#8221; background_color=&#8221;#f2faf5&#8243; custom_padding=&#8221;||||false|false&#8221; global_colors_info=&#8221;{}&#8221; border_radii=&#8221;on|20px|20px|20px|20px&#8221; border_color_all=&#8221;#d1e7db&#8221; border_width_all=&#8221;1px&#8221; box_shadow_style=&#8221;preset1&#8243; box_shadow_horizontal=&#8221;8px&#8221; box_shadow_color=&#8221;rgba(26,92,56,0.07)&#8221;][et_pb_image src=&#8221;https:\/\/epinut.umh.es\/files\/2025\/12\/Toni-Signes.png&#8221; alt=&#8221;Foto de Antonio Jos\u00e9 Signes Pastor&#8221; title_text=&#8221;Toni Signes&#8221; align=&#8221;center&#8221; force_fullwidth=&#8221;on&#8221; module_class=&#8221;epinut-foto-grid&#8221; _builder_version=&#8221;4.17.4&#8243; _module_preset=&#8221;default&#8221; background_color=&#8221;#ffffff&#8221; custom_padding=&#8221;0px|0px|0px|0px|false|false&#8221; global_colors_info=&#8221;{}&#8221;][\/et_pb_image][et_pb_text _builder_version=&#8221;4.17.4&#8243; _module_preset=&#8221;default&#8221; custom_padding=&#8221;14px|14px|14px|14px|false|false&#8221; global_colors_info=&#8221;{}&#8221;]<span class=\"epinut-etiq epinut-etiq--ip\">INVESTIGADOR SENIOR<\/span><\/p>\n<h3 class=\"epinut-nombre\">Antonio Jos\u00e9 Signes Pastor<\/h3>\n<p class=\"epinut-cargo\">Profesor Permanente Laboral &#8211; Medicina Preventiva<\/p>\n<p class=\"epinut-bio\"><span>Especializaci\u00f3n en epidemiolog\u00eda de los elementos traza. M\u00e1ster en SP (MPH) por la UMH-UA. Profesor Permanente Laboral en Medicina Preventiva y Salud P\u00fablica<\/span>.<\/p>\n<div class=\"epinut-links\"><a href=\"https:\/\/orcid.org\/0000-0003-4898-2480\" class=\"epinut-chip\" target=\"_blank\" rel=\"noopener\">\ud83d\udd17 ORCID<\/a> \u00a0\u00a0<a href=\"#publicaciones\" class=\"epinut-chip\">\ud83d\udcc4 Publicaciones<\/a><\/div>\n<div class=\"epinut-links\"><\/div>\n<div class=\"epinut-links\"><\/div>\n<div class=\"epinut-links\"><\/div>\n<div class=\"epinut-links\"><\/div>\n<div class=\"epinut-links\"><\/div>\n<p>[\/et_pb_text][\/et_pb_column][et_pb_column type=&#8221;1_3&#8243; _builder_version=&#8221;4.17.4&#8243; _module_preset=&#8221;default&#8221; background_color=&#8221;#f2faf5&#8243; custom_padding=&#8221;||||false|false&#8221; global_colors_info=&#8221;{}&#8221; border_radii=&#8221;on|20px|20px|20px|20px&#8221; border_color_all=&#8221;#d1e7db&#8221; border_width_all=&#8221;1px&#8221; box_shadow_style=&#8221;preset1&#8243; box_shadow_horizontal=&#8221;8px&#8221; box_shadow_color=&#8221;rgba(26,92,56,0.07)&#8221;][et_pb_image src=&#8221;https:\/\/epinut.umh.es\/files\/2025\/12\/Laura-Torres.png&#8221; alt=&#8221;Foto de Laura Torres Collado&#8221; title_text=&#8221;Laura Torres&#8221; align=&#8221;center&#8221; force_fullwidth=&#8221;on&#8221; module_class=&#8221;epinut-foto-grid&#8221; _builder_version=&#8221;4.17.4&#8243; _module_preset=&#8221;default&#8221; background_color=&#8221;#ffffff&#8221; custom_padding=&#8221;0px|0px|0px|0px|false|false&#8221; global_colors_info=&#8221;{}&#8221;][\/et_pb_image][et_pb_text _builder_version=&#8221;4.17.4&#8243; _module_preset=&#8221;default&#8221; custom_padding=&#8221;14px|14px|14px|14px|false|false&#8221; global_colors_info=&#8221;{}&#8221;]<span class=\"epinut-etiq epinut-etiq--ip\">INVESTIGADORA SENIOR<\/span><\/p>\n<h3 class=\"epinut-nombre\">Laura Torres Collado<\/h3>\n<p class=\"epinut-cargo\">Ayudante Dra. Dpto. Salud P\u00fablica<\/p>\n<p class=\"epinut-bio\"><span>Graduada en Enfermer\u00eda (UAL), M\u00e1ster en SP (MPH) por la UMH-UA y Doctora (PhD) en Salud P\u00fablica por la UMH. L\u00ednea de investigaci\u00f3n centrada en dieta y la supervivencia a medio y largo plazo.<\/span>.<\/p>\n<div class=\"epinut-links\"><a href=\"https:\/\/orcid.org\/0000-0003-2842-1344\" class=\"epinut-chip\" target=\"_blank\" rel=\"noopener\">\ud83d\udd17 ORCID<\/a> \u00a0\u00a0<a href=\"#publicaciones\" class=\"epinut-chip\">\ud83d\udcc4 Publicaciones<\/a><\/div>\n<div class=\"epinut-links\"><\/div>\n<div class=\"epinut-links\"><\/div>\n<div class=\"epinut-links\"><\/div>\n<div class=\"epinut-links\"><\/div>\n<div class=\"epinut-links\"><\/div>\n<p>[\/et_pb_text][\/et_pb_column][\/et_pb_row][et_pb_row column_structure=&#8221;1_3,1_3,1_3&#8243; use_custom_gutter=&#8221;on&#8221; gutter_width=&#8221;2&#8243; make_equal=&#8221;on&#8221; _builder_version=&#8221;4.17.4&#8243; _module_preset=&#8221;default&#8221; background_color=&#8221;#ffffff&#8221; width=&#8221;90%&#8221; width_tablet=&#8221;80%&#8221; width_phone=&#8221;80%&#8221; width_last_edited=&#8221;on|tablet&#8221; module_alignment=&#8221;center&#8221; overflow-x=&#8221;hidden&#8221; overflow-y=&#8221;hidden&#8221; custom_margin=&#8221;||30px||false|false&#8221; custom_padding=&#8221;0px|0px|0px|0px|false|false&#8221; hover_enabled=&#8221;0&#8243; border_radii=&#8221;on|20px|20px|20px|20px&#8221; border_color_all=&#8221;#d1e7db&#8221; global_colors_info=&#8221;{}&#8221; sticky_enabled=&#8221;0&#8243;][et_pb_column type=&#8221;1_3&#8243; _builder_version=&#8221;4.17.4&#8243; _module_preset=&#8221;default&#8221; background_color=&#8221;#f2faf5&#8243; custom_padding=&#8221;||||false|false&#8221; global_colors_info=&#8221;{}&#8221; border_radii=&#8221;on|20px|20px|20px|20px&#8221; border_color_all=&#8221;#d1e7db&#8221; border_width_all=&#8221;1px&#8221; box_shadow_style=&#8221;preset1&#8243; box_shadow_horizontal=&#8221;8px&#8221; box_shadow_color=&#8221;rgba(26,92,56,0.07)&#8221;][et_pb_image src=&#8221;https:\/\/epinut.umh.es\/files\/2026\/02\/Sandra-Gonza\u0301lez-componente-grupo-epinut-Proyecto-Prometeo.png&#8221; alt=&#8221;Foto de Sandra Gonza\u0301lez Palacios&#8221; title_text=&#8221;Sandra Gonza\u0301lez &#8211; componente grupo epinut- Proyecto Prometeo&#8221; align=&#8221;center&#8221; force_fullwidth=&#8221;on&#8221; module_class=&#8221;epinut-foto-grid&#8221; _builder_version=&#8221;4.17.4&#8243; _module_preset=&#8221;default&#8221; background_color=&#8221;#ffffff&#8221; custom_padding=&#8221;0px|0px|0px|0px|false|false&#8221; global_colors_info=&#8221;{}&#8221;][\/et_pb_image][et_pb_text _builder_version=&#8221;4.17.4&#8243; _module_preset=&#8221;default&#8221; custom_padding=&#8221;14px|14px|14px|14px|false|false&#8221; global_colors_info=&#8221;{}&#8221;]<span class=\"epinut-etiq epinut-etiq--ip\">INVESTIGADORA POSTDOCTORAL<\/span><\/p>\n<h3 class=\"epinut-nombre\">Sandra Gonz\u00e1lez Palacios<\/h3>\n<p class=\"epinut-cargo\">Investigadora PostDoctoral<\/p>\n<p class=\"epinut-bio\"><span>Diplomada en Nutrici\u00f3n Humana y Diet\u00e9tica por la Universidad Rovira y Virgili (URV). M\u00e1ster en Condicionantes gen\u00e9ticos, nutricionales y ambientales por la URV. M\u00e1ster en Salud P\u00fablica (MPH) por la UMH-UA y Dra. en Salud P\u00fablica por la UMH (PhD). <\/span>.<\/p>\n<div class=\"epinut-links\"><a href=\"https:\/\/orcid.org\/0000-0003-3358-472X\" class=\"epinut-chip\" target=\"_blank\" rel=\"noopener\">\ud83d\udd17 ORCID<\/a> \u00a0\u00a0<a href=\"#publicaciones\" class=\"epinut-chip\">\ud83d\udcc4 Publicaciones<\/a><\/div>\n<div class=\"epinut-links\"><\/div>\n<div class=\"epinut-links\"><\/div>\n<div class=\"epinut-links\"><\/div>\n<div class=\"epinut-links\"><\/div>\n<div class=\"epinut-links\"><\/div>\n<p>[\/et_pb_text][\/et_pb_column][et_pb_column type=&#8221;1_3&#8243; _builder_version=&#8221;4.17.4&#8243; _module_preset=&#8221;default&#8221; background_color=&#8221;#f2faf5&#8243; custom_padding=&#8221;||||false|false&#8221; global_colors_info=&#8221;{}&#8221; border_radii=&#8221;on|20px|20px|20px|20px&#8221; border_color_all=&#8221;#d1e7db&#8221; border_width_all=&#8221;1px&#8221; box_shadow_style=&#8221;preset1&#8243; box_shadow_horizontal=&#8221;8px&#8221; box_shadow_color=&#8221;rgba(26,92,56,0.07)&#8221;][et_pb_image src=&#8221;https:\/\/epinut.umh.es\/files\/2025\/12\/Alejandro-Oncina.png&#8221; alt=&#8221;Foto de Alejandro Oncina&#8221; title_text=&#8221;Alejandro Oncina&#8221; align=&#8221;center&#8221; force_fullwidth=&#8221;on&#8221; module_class=&#8221;epinut-foto-grid&#8221; _builder_version=&#8221;4.17.4&#8243; _module_preset=&#8221;default&#8221; background_color=&#8221;#ffffff&#8221; custom_padding=&#8221;0px|0px|0px|0px|false|false&#8221; global_colors_info=&#8221;{}&#8221;][\/et_pb_image][et_pb_text _builder_version=&#8221;4.17.4&#8243; _module_preset=&#8221;default&#8221; custom_padding=&#8221;14px|14px|14px|14px|false|false&#8221; global_colors_info=&#8221;{}&#8221;]<\/p>\n<p><span class=\"epinut-etiq epinut-etiq--ip\">INVESTIGADOR POSTDOCTORAL<\/span><\/p>\n<h3 class=\"epinut-nombre\">Alejandro Oncina C\u00e1novas<\/h3>\n<p class=\"epinut-cargo\">Investigador PostDoctoral<\/p>\n<p class=\"epinut-bio\"><span>Graduado en Nutrici\u00f3n Humana y Diet\u00e9tica por la Universidad de Alicante, M\u00e1ster en SP (MPH) por la UMH-UA.\u00a0 (MPH) y Doctor en Salud P\u00fablica por la UMH (phD).<\/span>.<\/p>\n<div class=\"epinut-links\"><a href=\"https:\/\/orcid.org\/0000-0003-4652-0565\" class=\"epinut-chip\" target=\"_blank\" rel=\"noopener\">\ud83d\udd17 ORCID<\/a> \u00a0\u00a0<a href=\"#publicaciones\" class=\"epinut-chip\">\ud83d\udcc4 Publicaciones<\/a><\/div>\n<div class=\"epinut-links\"><\/div>\n<div class=\"epinut-links\"><\/div>\n<div class=\"epinut-links\"><\/div>\n<div class=\"epinut-links\"><\/div>\n<div class=\"epinut-links\"><\/div>\n<p>[\/et_pb_text][\/et_pb_column][et_pb_column type=&#8221;1_3&#8243; _builder_version=&#8221;4.17.4&#8243; _module_preset=&#8221;default&#8221; background_color=&#8221;#f2faf5&#8243; custom_padding=&#8221;||||false|false&#8221; global_colors_info=&#8221;{}&#8221; border_radii=&#8221;on|20px|20px|20px|20px&#8221; border_color_all=&#8221;#d1e7db&#8221; border_width_all=&#8221;1px&#8221; box_shadow_style=&#8221;preset1&#8243; box_shadow_horizontal=&#8221;8px&#8221; box_shadow_color=&#8221;rgba(26,92,56,0.07)&#8221;][et_pb_image src=&#8221;https:\/\/epinut.umh.es\/files\/2025\/12\/Laura-Maria-Compan\u0303.png&#8221; title_text=&#8221;Laura Maria Compan\u0303&#8221; align=&#8221;center&#8221; force_fullwidth=&#8221;on&#8221; module_class=&#8221;epinut-foto-grid&#8221; _builder_version=&#8221;4.17.4&#8243; _module_preset=&#8221;default&#8221; background_color=&#8221;#ffffff&#8221; custom_padding=&#8221;0px|0px|0px|0px|false|false&#8221; global_colors_info=&#8221;{}&#8221;][\/et_pb_image][et_pb_text _builder_version=&#8221;4.17.4&#8243; _module_preset=&#8221;default&#8221; custom_padding=&#8221;14px|14px|14px|14px|false|false&#8221; global_colors_info=&#8221;{}&#8221;]<span class=\"epinut-etiq epinut-etiq--ip\">INVESTIGADORA POSTDOCTORAL<\/span><\/p>\n<h3 class=\"epinut-nombre\">Laura Mar\u00eda Compa\u00f1 Habuccio<\/h3>\n<p class=\"epinut-cargo\">Profesora Ayudante Doctor<\/p>\n<p class=\"epinut-bio\"><span>Graduada en Terapia Ocupacional (UMH), M\u00e1ster en SP (MPH) por la UMH-UA, M\u00e1ster en TO en Neurolog\u00eda (UMH) y Dra. (PhD) en Salud P\u00fablica por la UMH<\/span>.<\/p>\n<div class=\"epinut-links\"><a href=\"https:\/\/orcid.org\/0000-0001-5324-1535\" class=\"epinut-chip\" target=\"_blank\" rel=\"noopener\">\ud83d\udd17 ORCID<\/a> \u00a0\u00a0<a href=\"#publicaciones\" class=\"epinut-chip\">\ud83d\udcc4 Publicaciones<\/a><\/div>\n<div class=\"epinut-links\"><\/div>\n<div class=\"epinut-links\"><\/div>\n<div class=\"epinut-links\"><\/div>\n<div class=\"epinut-links\"><\/div>\n<div class=\"epinut-links\"><\/div>\n<p>[\/et_pb_text][\/et_pb_column][\/et_pb_row][\/et_pb_section][et_pb_section fb_built=&#8221;1&#8243; _builder_version=&#8221;4.17.4&#8243; _module_preset=&#8221;default&#8221; background_color=&#8221;#f2faf5&#8243; custom_padding=&#8221;40px||40px||false|false&#8221; global_colors_info=&#8221;{}&#8221;][et_pb_row _builder_version=&#8221;4.17.4&#8243; _module_preset=&#8221;default&#8221; global_colors_info=&#8221;{}&#8221;][et_pb_column type=&#8221;4_4&#8243; _builder_version=&#8221;4.17.4&#8243; _module_preset=&#8221;default&#8221; global_colors_info=&#8221;{}&#8221;][et_pb_text quote_border_weight=&#8221;2px&#8221; quote_border_color=&#8221;#13362f&#8221; _builder_version=&#8221;4.17.4&#8243; _module_preset=&#8221;default&#8221; text_font=&#8221;Times New Roman||||||||&#8221; text_font_size=&#8221;15px&#8221; quote_font=&#8221;Times New Roman|300|||||||&#8221; quote_text_color=&#8221;#13362f&#8221; quote_font_size=&#8221;13px&#8221; header_font=&#8221;DM Serif Display|700|||||||&#8221; header_font_size=&#8221;41px&#8221; header_line_height=&#8221;1.1em&#8221; header_2_font=&#8221;DM Serif Display||||||||&#8221; header_2_font_size=&#8221;38px&#8221; global_colors_info=&#8221;{}&#8221;]<\/p>\n<blockquote>\n<p><strong>\u2014\u00a0 <\/strong>OTROS INVESTIGADORES<\/p>\n<\/blockquote>\n<h2>Resto del <span style=\"color: #195c38\"><em>equipo.<\/em><\/span><\/h2>\n<p>[\/et_pb_text][\/et_pb_column][\/et_pb_row][et_pb_row column_structure=&#8221;1_4,1_4,1_4,1_4&#8243; use_custom_gutter=&#8221;on&#8221; gutter_width=&#8221;2&#8243; make_equal=&#8221;on&#8221; _builder_version=&#8221;4.17.4&#8243; _module_preset=&#8221;default&#8221; width=&#8221;90%&#8221; width_tablet=&#8221;80%&#8221; width_phone=&#8221;80%&#8221; width_last_edited=&#8221;on|phone&#8221; module_alignment=&#8221;center&#8221; overflow-x=&#8221;hidden&#8221; overflow-y=&#8221;hidden&#8221; custom_margin=&#8221;|411px|30px|414px|false|false&#8221; custom_padding=&#8221;0px|0px|0px|0px|false|false&#8221; hover_enabled=&#8221;0&#8243; border_radii=&#8221;on|20px|20px|20px|20px&#8221; border_color_all=&#8221;#d1e7db&#8221; global_colors_info=&#8221;{}&#8221; sticky_enabled=&#8221;0&#8243;][et_pb_column type=&#8221;1_4&#8243; _builder_version=&#8221;4.17.4&#8243; _module_preset=&#8221;default&#8221; background_color=&#8221;#ffffff&#8221; custom_padding=&#8221;||||false|false&#8221; global_colors_info=&#8221;{}&#8221; border_radii=&#8221;on|20px|20px|20px|20px&#8221; border_color_all=&#8221;#d1e7db&#8221; border_width_all=&#8221;1px&#8221; box_shadow_style=&#8221;preset1&#8243; box_shadow_horizontal=&#8221;8px&#8221; box_shadow_color=&#8221;rgba(26,92,56,0.07)&#8221; hover_enabled=&#8221;0&#8243; sticky_enabled=&#8221;0&#8243;][et_pb_image src=&#8221;https:\/\/epinut.umh.es\/files\/2025\/12\/Carolina-Ojeda.png&#8221; title_text=&#8221;Carolina Ojeda&#8221; align=&#8221;center&#8221; force_fullwidth=&#8221;on&#8221; module_class=&#8221;epinut-foto-grid&#8221; _builder_version=&#8221;4.17.4&#8243; _module_preset=&#8221;default&#8221; background_color=&#8221;#ffffff&#8221; custom_padding=&#8221;0px|0px|0px|0px|false|false&#8221; global_colors_info=&#8221;{}&#8221;][\/et_pb_image][et_pb_text _builder_version=&#8221;4.17.4&#8243; _module_preset=&#8221;default&#8221; custom_padding=&#8221;14px|14px|14px|14px|false|false&#8221; global_colors_info=&#8221;{}&#8221;]<\/p>\n<p><span class=\"epinut-etiq epinut-etiq--pre\">INVEST. PREDOCTORAL<\/span><\/p>\n<p class=\"epinut-nombre-g\">Carolina Ojeda-Belokon<\/p>\n<p class=\"epinut-cargo-g\">Investigadora Predoctoral<\/p>\n<p class=\"epinut-bio-g\">Graduada en Nutrici\u00f3n Humana y Diet\u00e9tica (UA). M\u00e1ster en SP (MPH) por la UMH-UA. <span>Doctoranda en el Programa de Doctorado en Salud P\u00fablica de la UMH.<\/span><\/p>\n<p><a href=\"https:\/\/orcid.org\/0000-0002-3392-1354\" class=\"epinut-chip\" target=\"_blank\" rel=\"noopener\">\ud83d\udd17 ORCID<\/a><\/p>\n<p>[\/et_pb_text][\/et_pb_column][et_pb_column type=&#8221;1_4&#8243; _builder_version=&#8221;4.17.4&#8243; _module_preset=&#8221;default&#8221; background_color=&#8221;#ffffff&#8221; custom_padding=&#8221;||||false|false&#8221; global_colors_info=&#8221;{}&#8221; border_radii=&#8221;on|20px|20px|20px|20px&#8221; border_color_all=&#8221;#d1e7db&#8221; border_width_all=&#8221;1px&#8221; box_shadow_style=&#8221;preset1&#8243; box_shadow_horizontal=&#8221;8px&#8221; box_shadow_color=&#8221;rgba(26,92,56,0.07)&#8221;][et_pb_image src=&#8221;https:\/\/epinut.umh.es\/files\/2025\/12\/Marielisa-Belisario.png&#8221; title_text=&#8221;Marielisa Belisario&#8221; align=&#8221;center&#8221; force_fullwidth=&#8221;on&#8221; module_class=&#8221;epinut-foto-grid&#8221; _builder_version=&#8221;4.17.4&#8243; _module_preset=&#8221;default&#8221; background_color=&#8221;#ffffff&#8221; custom_padding=&#8221;0px|0px|0px|0px|false|false&#8221; global_colors_info=&#8221;{}&#8221;][\/et_pb_image][et_pb_text _builder_version=&#8221;4.17.4&#8243; _module_preset=&#8221;default&#8221; custom_padding=&#8221;14px|14px|14px|14px|false|false&#8221; global_colors_info=&#8221;{}&#8221;]<!-- HTML para el M\u00f3dulo Texto del Tipo B --> <span class=\"epinut-etiq epinut-etiq--pre\">INVEST. PREDOCTORAL<\/span><\/p>\n<p class=\"epinut-nombre-g\">Marielisa Gabriela Belisario Ubeto<\/p>\n<p class=\"epinut-cargo-g\">Investigadora Predoctoral<\/p>\n<p class=\"epinut-bio-g\">Estudiante Predoctoral en Salud P\u00fablica e Investigadora en la (UMH) M\u00e1ster en SP (MPH) por la UMH-UA y Grado en Nutrici\u00f3n Humana y Diet\u00e9tica (UA)<\/p>\n<p><a href=\"https:\/\/orcid.org\/0009-0009-6008-3534\" class=\"epinut-chip\" target=\"_blank\" rel=\"noopener\">\ud83d\udd17 ORCID<\/a>[\/et_pb_text][\/et_pb_column][et_pb_column type=&#8221;1_4&#8243; _builder_version=&#8221;4.17.4&#8243; _module_preset=&#8221;default&#8221; background_color=&#8221;#ffffff&#8221; custom_padding=&#8221;||||false|false&#8221; global_colors_info=&#8221;{}&#8221; border_radii=&#8221;on|20px|20px|20px|20px&#8221; border_color_all=&#8221;#d1e7db&#8221; border_width_all=&#8221;1px&#8221; box_shadow_style=&#8221;preset1&#8243; box_shadow_horizontal=&#8221;8px&#8221; box_shadow_color=&#8221;rgba(26,92,56,0.07)&#8221;][et_pb_image src=&#8221;https:\/\/epinut.umh.es\/files\/2025\/12\/Ana-Garci\u0301a.png&#8221; title_text=&#8221;Ana Garci\u0301a&#8221; align=&#8221;center&#8221; force_fullwidth=&#8221;on&#8221; module_class=&#8221;epinut-foto-grid&#8221; _builder_version=&#8221;4.17.4&#8243; _module_preset=&#8221;default&#8221; custom_padding=&#8221;0px|0px|0px|0px|false|false&#8221; global_colors_info=&#8221;{}&#8221;][\/et_pb_image][et_pb_text _builder_version=&#8221;4.17.4&#8243; _module_preset=&#8221;default&#8221; custom_padding=&#8221;14px|14px|14px|14px|false|false&#8221; global_colors_info=&#8221;{}&#8221;]<!-- HTML para el M\u00f3dulo Texto del Tipo B --> <span class=\"epinut-etiq epinut-etiq--pre\">INVEST. PREDOCTORAL<\/span><\/p>\n<p class=\"epinut-nombre-g\">Ana Garc\u00eda Novoa<\/p>\n<p class=\"epinut-cargo-g\">Investigadora Predoctoral<\/p>\n<p class=\"epinut-bio-g\">Graduada en Enfermer\u00eda (UVigo). Especialista en Enfermer\u00eda Familiar y Comunitaria (UDM AFyC Asturias). M\u00e1ster en SP (MPH) por la UMH-UA. Doctoranda en el programa de Doctorado de Salud P\u00fablica y Ciencias M\u00e9dicas y Quir\u00fargicas de la UMH.<\/p>\n<p><a href=\"https:\/\/orcid.org\/0009-0003-3780-2381\" class=\"epinut-chip\" target=\"_blank\" rel=\"noopener\">\ud83d\udd17 ORCID<\/a>[\/et_pb_text][\/et_pb_column][et_pb_column type=&#8221;1_4&#8243; _builder_version=&#8221;4.17.4&#8243; _module_preset=&#8221;default&#8221; background_color=&#8221;#ffffff&#8221; custom_padding=&#8221;||||false|false&#8221; global_colors_info=&#8221;{}&#8221; border_radii=&#8221;on|20px|20px|20px|20px&#8221; border_color_all=&#8221;#d1e7db&#8221; border_width_all=&#8221;1px&#8221; box_shadow_style=&#8221;preset1&#8243; box_shadow_horizontal=&#8221;8px&#8221; box_shadow_color=&#8221;rgba(26,92,56,0.07)&#8221;][et_pb_image src=&#8221;https:\/\/epinut.umh.es\/files\/2025\/12\/Laura-Vioque.png&#8221; title_text=&#8221;Laura Vioque&#8221; align=&#8221;center&#8221; force_fullwidth=&#8221;on&#8221; module_class=&#8221;epinut-foto-grid&#8221; _builder_version=&#8221;4.17.4&#8243; _module_preset=&#8221;default&#8221; background_color=&#8221;#ffffff&#8221; custom_padding=&#8221;0px|0px|0px|0px|false|false&#8221; global_colors_info=&#8221;{}&#8221;][\/et_pb_image][et_pb_text _builder_version=&#8221;4.17.4&#8243; _module_preset=&#8221;default&#8221; custom_padding=&#8221;14px|14px|14px|14px|false|false&#8221; global_colors_info=&#8221;{}&#8221;]<!-- HTML para el M\u00f3dulo Texto del Tipo B --> <span class=\"epinut-etiq epinut-etiq--per\">PERSONAL T\u00c9CNICO<\/span><\/p>\n<p class=\"epinut-nombre-g\">Laura Vioque Garc\u00eda<\/p>\n<p class=\"epinut-cargo-g\">Investigadora Predoctoral<\/p>\n<p class=\"epinut-bio-g\">Personal del Grupo de Epidemiolog\u00eda de la Nutrici\u00f3n (EPINUT) de la Universidad Miguel Hern\u00e1ndez, vinculada a la l\u00ednea de investigaci\u00f3n DIMECAR. M\u00e1ster en SP (MPH) por la UMH-UA. Graduada en Publicidad y RR.PP (UA).<\/p>\n<p><a href=\"https:\/\/orcid.org\/0009-0001-9915-6990\" class=\"epinut-chip\" target=\"_blank\" rel=\"noopener\">\ud83d\udd17 ORCID<\/a>[\/et_pb_text][\/et_pb_column][\/et_pb_row][\/et_pb_section][et_pb_section fb_built=&#8221;1&#8243; _builder_version=&#8221;4.17.4&#8243; _module_preset=&#8221;default&#8221; global_colors_info=&#8221;{}&#8221;][et_pb_row _builder_version=&#8221;4.17.4&#8243; _module_preset=&#8221;default&#8221; global_colors_info=&#8221;{}&#8221;][et_pb_column type=&#8221;4_4&#8243; _builder_version=&#8221;4.17.4&#8243; _module_preset=&#8221;default&#8221; global_colors_info=&#8221;{}&#8221;][et_pb_text quote_border_weight=&#8221;2px&#8221; quote_border_color=&#8221;#13362f&#8221; _builder_version=&#8221;4.17.4&#8243; _module_preset=&#8221;default&#8221; text_font=&#8221;Times New Roman||||||||&#8221; text_font_size=&#8221;15px&#8221; quote_font=&#8221;Times New Roman|300|||||||&#8221; quote_text_color=&#8221;#13362f&#8221; quote_font_size=&#8221;13px&#8221; header_font=&#8221;DM Serif Display|700|||||||&#8221; header_font_size=&#8221;41px&#8221; header_line_height=&#8221;1.1em&#8221; header_2_font=&#8221;DM Serif Display||||||||&#8221; header_2_font_size=&#8221;38px&#8221; global_colors_info=&#8221;{}&#8221;]<\/p>\n<blockquote>\n<p><strong>\u2014\u00a0 <\/strong>GALER\u00cdA DE FOTOS<\/p>\n<\/blockquote>\n<h2>El grupo, <span style=\"color: #195c38\"><em>en im\u00e1genes.<\/em><\/span><\/h2>\n<p>[\/et_pb_text][\/et_pb_column][\/et_pb_row][et_pb_row _builder_version=&#8221;4.17.4&#8243; _module_preset=&#8221;default&#8221; global_colors_info=&#8221;{}&#8221;][et_pb_column type=&#8221;4_4&#8243; _builder_version=&#8221;4.17.4&#8243; _module_preset=&#8221;default&#8221; global_colors_info=&#8221;{}&#8221;][et_pb_gallery gallery_ids=&#8221;2123,604,265,267,266,253&#8243; fullwidth=&#8221;on&#8221; _builder_version=&#8221;4.17.4&#8243; _module_preset=&#8221;default&#8221; global_colors_info=&#8221;{}&#8221;][\/et_pb_gallery][\/et_pb_column][\/et_pb_row][\/et_pb_section][et_pb_section fb_built=&#8221;1&#8243; _builder_version=&#8221;4.17.4&#8243; _module_preset=&#8221;default&#8221; background_color=&#8221;#13362f&#8221; custom_margin=&#8221;0px||0px||false|false&#8221; custom_padding=&#8221;20px||20px||false|false&#8221; locked=&#8221;off&#8221; global_colors_info=&#8221;{}&#8221;][et_pb_row column_structure=&#8221;1_2,1_2&#8243; _builder_version=&#8221;4.17.4&#8243; _module_preset=&#8221;default&#8221; global_colors_info=&#8221;{}&#8221;][et_pb_column type=&#8221;1_2&#8243; _builder_version=&#8221;4.17.4&#8243; _module_preset=&#8221;default&#8221; global_colors_info=&#8221;{}&#8221;][et_pb_blurb title=&#8221;\u00bfQuieres colaborar con EPINUT?&#8221; use_icon=&#8221;on&#8221; font_icon=&#8221;&#xf298;||fa||400&#8243; icon_color=&#8221;#e8f5ee&#8221; icon_placement=&#8221;left&#8221; image_icon_width=&#8221;70px&#8221; _builder_version=&#8221;4.17.4&#8243; _module_preset=&#8221;default&#8221; header_font=&#8221;DM Serif Display||||||||&#8221; header_font_size=&#8221;20px&#8221; header_letter_spacing=&#8221;1px&#8221; body_font=&#8221;Times New Roman||||||||&#8221; body_font_size=&#8221;15px&#8221; body_line_height=&#8221;1.4em&#8221; image_icon_custom_margin=&#8221;|16px|||false|false&#8221; background_layout=&#8221;dark&#8221; global_colors_info=&#8221;{}&#8221;]<\/p>\n<p><span>Estamos abiertos a colaboraciones con investigadores, instituciones y empresas del \u00e1mbito de la nutrici\u00f3n y la salud p\u00fablica.<\/span><\/p>\n<p>[\/et_pb_blurb][\/et_pb_column][et_pb_column type=&#8221;1_2&#8243; _builder_version=&#8221;4.17.4&#8243; _module_preset=&#8221;default&#8221; global_colors_info=&#8221;{}&#8221;][et_pb_button button_url=&#8221;https:\/\/epinut.umh.es\/contacto\/&#8221; url_new_window=&#8221;on&#8221; button_text=&#8221;Contactar&#8221; button_alignment=&#8221;center&#8221; _builder_version=&#8221;4.17.4&#8243; _module_preset=&#8221;default&#8221; custom_button=&#8221;on&#8221; button_text_size=&#8221;16px&#8221; button_text_color=&#8221;#12362f&#8221; button_bg_color=&#8221;#efefef&#8221; button_border_width=&#8221;0px&#8221; button_border_color=&#8221;#efefef&#8221; button_border_radius=&#8221;7px&#8221; button_letter_spacing=&#8221;0px&#8221; button_font=&#8221;Times New Roman|600|||||||&#8221; button_icon=&#8221;&#x39;||divi||400&#8243; button_icon_color=&#8221;#12362f&#8221; button_on_hover=&#8221;off&#8221; position_origin_a=&#8221;bottom_left&#8221; vertical_offset=&#8221;-50px&#8221; horizontal_offset=&#8221;38px&#8221; z_index=&#8221;0&#8243; custom_margin=&#8221;3%||||false|false&#8221; custom_padding=&#8221;10px|57px|10px|40px|true|false&#8221; global_colors_info=&#8221;{}&#8221;][\/et_pb_button][\/et_pb_column][\/et_pb_row][\/et_pb_section]<\/p>\n","protected":false},"excerpt":{"rendered":"<p>Grupo de Investigaci\u00f3n \u00b7 UMH \u00b7 Elche Nuestro equipo. Profesionales multidisciplinares dedicados a la investigaci\u00f3n en epidemiolog\u00eda nutricional, unidos por el compromiso de mejorar el conocimiento sobre la relaci\u00f3n entre dieta y salud. \u2014\u00a0 INVESTIGADORES PRINCIPALES El equipo que lidera\u00a0la investigaci\u00f3nDIRECTOR Dr. Jes\u00fas Vioque L\u00f3pez DIRECTOR DEL GRUPO EPINUT &#8211; Catedr\u00e1tico en Medicina Preventiva y [&hellip;]<\/p>\n","protected":false},"author":5969,"featured_media":0,"parent":0,"menu_order":0,"comment_status":"closed","ping_status":"closed","template":"","meta":{"_et_pb_use_builder":"on","_et_pb_old_content":"","_et_gb_content_width":"","_links_to":"","_links_to_target":""},"yoast_head":"<!-- This site is optimized with the Yoast SEO plugin v17.5 - https:\/\/yoast.com\/wordpress\/plugins\/seo\/ -->\n<title>(Espa\u00f1ol) Equipo EPINUT Umh - Unidad de epidemiolog\u00eda de la nutrici\u00f3n<\/title>\n<meta name=\"robots\" content=\"index, follow, max-snippet:-1, max-image-preview:large, max-video-preview:-1\" \/>\n<link rel=\"canonical\" href=\"https:\/\/epinut.umh.es\/equipo_epinut_umh\/\" \/>\n<meta property=\"og:locale\" content=\"en_US\" \/>\n<meta property=\"og:type\" content=\"article\" \/>\n<meta property=\"og:title\" content=\"(Espa\u00f1ol) Equipo EPINUT Umh - Unidad de epidemiolog\u00eda de la nutrici\u00f3n\" \/>\n<meta property=\"og:description\" content=\"Grupo de Investigaci\u00f3n \u00b7 UMH \u00b7 Elche Nuestro equipo. Profesionales multidisciplinares dedicados a la investigaci\u00f3n en epidemiolog\u00eda nutricional, unidos por el compromiso de mejorar el conocimiento sobre la relaci\u00f3n entre dieta y salud. \u2014\u00a0 INVESTIGADORES PRINCIPALES El equipo que lidera\u00a0la investigaci\u00f3nDIRECTOR Dr. Jes\u00fas Vioque L\u00f3pez DIRECTOR DEL GRUPO EPINUT - Catedr\u00e1tico en Medicina Preventiva y [&hellip;]\" \/>\n<meta property=\"og:url\" content=\"https:\/\/epinut.umh.es\/equipo_epinut_umh\/\" \/>\n<meta property=\"og:site_name\" content=\"Unidad de epidemiolog\u00eda de la nutrici\u00f3n\" \/>\n<meta property=\"article:modified_time\" content=\"2026-03-25T10:24:29+00:00\" \/>\n<meta name=\"twitter:card\" content=\"summary\" \/>\n<meta name=\"twitter:label1\" content=\"Est. reading time\" \/>\n\t<meta name=\"twitter:data1\" content=\"17 minutes\" \/>\n<script type=\"application\/ld+json\" class=\"yoast-schema-graph\">{\"@context\":\"https:\/\/schema.org\",\"@graph\":[{\"@type\":\"WebSite\",\"@id\":\"https:\/\/epinut.umh.es\/en\/#website\",\"url\":\"https:\/\/epinut.umh.es\/en\/\",\"name\":\"Unidad de epidemiolog\\u00eda de la nutrici\\u00f3n\",\"description\":\"Universidad Miguel Hern\\u00e1ndez de Elche\",\"potentialAction\":[{\"@type\":\"SearchAction\",\"target\":{\"@type\":\"EntryPoint\",\"urlTemplate\":\"https:\/\/epinut.umh.es\/en\/?s={search_term_string}\"},\"query-input\":\"required name=search_term_string\"}],\"inLanguage\":\"en-US\"},{\"@type\":\"WebPage\",\"@id\":\"https:\/\/epinut.umh.es\/equipo_epinut_umh\/#webpage\",\"url\":\"https:\/\/epinut.umh.es\/equipo_epinut_umh\/\",\"name\":\"(Espa\\u00f1ol) Equipo EPINUT Umh - Unidad de epidemiolog\\u00eda de la nutrici\\u00f3n\",\"isPartOf\":{\"@id\":\"https:\/\/epinut.umh.es\/en\/#website\"},\"datePublished\":\"2026-03-04T12:44:29+00:00\",\"dateModified\":\"2026-03-25T10:24:29+00:00\",\"breadcrumb\":{\"@id\":\"https:\/\/epinut.umh.es\/equipo_epinut_umh\/#breadcrumb\"},\"inLanguage\":\"en-US\",\"potentialAction\":[{\"@type\":\"ReadAction\",\"target\":[\"https:\/\/epinut.umh.es\/equipo_epinut_umh\/\"]}]},{\"@type\":\"BreadcrumbList\",\"@id\":\"https:\/\/epinut.umh.es\/equipo_epinut_umh\/#breadcrumb\",\"itemListElement\":[{\"@type\":\"ListItem\",\"position\":1,\"name\":\"Home\",\"item\":\"https:\/\/epinut.umh.es\/\"},{\"@type\":\"ListItem\",\"position\":2,\"name\":\"Equipo EPINUT Umh\"}]}]}<\/script>\n<!-- \/ Yoast SEO plugin. -->","yoast_head_json":{"title":"(Espa\u00f1ol) Equipo EPINUT Umh - Unidad de epidemiolog\u00eda de la nutrici\u00f3n","robots":{"index":"index","follow":"follow","max-snippet":"max-snippet:-1","max-image-preview":"max-image-preview:large","max-video-preview":"max-video-preview:-1"},"canonical":"https:\/\/epinut.umh.es\/equipo_epinut_umh\/","og_locale":"en_US","og_type":"article","og_title":"(Espa\u00f1ol) Equipo EPINUT Umh - Unidad de epidemiolog\u00eda de la nutrici\u00f3n","og_description":"Grupo de Investigaci\u00f3n \u00b7 UMH \u00b7 Elche Nuestro equipo. Profesionales multidisciplinares dedicados a la investigaci\u00f3n en epidemiolog\u00eda nutricional, unidos por el compromiso de mejorar el conocimiento sobre la relaci\u00f3n entre dieta y salud. \u2014\u00a0 INVESTIGADORES PRINCIPALES El equipo que lidera\u00a0la investigaci\u00f3nDIRECTOR Dr. Jes\u00fas Vioque L\u00f3pez DIRECTOR DEL GRUPO EPINUT - Catedr\u00e1tico en Medicina Preventiva y [&hellip;]","og_url":"https:\/\/epinut.umh.es\/equipo_epinut_umh\/","og_site_name":"Unidad de epidemiolog\u00eda de la nutrici\u00f3n","article_modified_time":"2026-03-25T10:24:29+00:00","twitter_card":"summary","twitter_misc":{"Est. reading time":"17 minutes"},"schema":{"@context":"https:\/\/schema.org","@graph":[{"@type":"WebSite","@id":"https:\/\/epinut.umh.es\/en\/#website","url":"https:\/\/epinut.umh.es\/en\/","name":"Unidad de epidemiolog\u00eda de la nutrici\u00f3n","description":"Universidad Miguel Hern\u00e1ndez de Elche","potentialAction":[{"@type":"SearchAction","target":{"@type":"EntryPoint","urlTemplate":"https:\/\/epinut.umh.es\/en\/?s={search_term_string}"},"query-input":"required name=search_term_string"}],"inLanguage":"en-US"},{"@type":"WebPage","@id":"https:\/\/epinut.umh.es\/equipo_epinut_umh\/#webpage","url":"https:\/\/epinut.umh.es\/equipo_epinut_umh\/","name":"(Espa\u00f1ol) Equipo EPINUT Umh - Unidad de epidemiolog\u00eda de la nutrici\u00f3n","isPartOf":{"@id":"https:\/\/epinut.umh.es\/en\/#website"},"datePublished":"2026-03-04T12:44:29+00:00","dateModified":"2026-03-25T10:24:29+00:00","breadcrumb":{"@id":"https:\/\/epinut.umh.es\/equipo_epinut_umh\/#breadcrumb"},"inLanguage":"en-US","potentialAction":[{"@type":"ReadAction","target":["https:\/\/epinut.umh.es\/equipo_epinut_umh\/"]}]},{"@type":"BreadcrumbList","@id":"https:\/\/epinut.umh.es\/equipo_epinut_umh\/#breadcrumb","itemListElement":[{"@type":"ListItem","position":1,"name":"Home","item":"https:\/\/epinut.umh.es\/"},{"@type":"ListItem","position":2,"name":"Equipo EPINUT Umh"}]}]}},"_links":{"self":[{"href":"https:\/\/epinut.umh.es\/en\/wp-json\/wp\/v2\/pages\/2297"}],"collection":[{"href":"https:\/\/epinut.umh.es\/en\/wp-json\/wp\/v2\/pages"}],"about":[{"href":"https:\/\/epinut.umh.es\/en\/wp-json\/wp\/v2\/types\/page"}],"author":[{"embeddable":true,"href":"https:\/\/epinut.umh.es\/en\/wp-json\/wp\/v2\/users\/5969"}],"replies":[{"embeddable":true,"href":"https:\/\/epinut.umh.es\/en\/wp-json\/wp\/v2\/comments?post=2297"}],"version-history":[{"count":0,"href":"https:\/\/epinut.umh.es\/en\/wp-json\/wp\/v2\/pages\/2297\/revisions"}],"wp:attachment":[{"href":"https:\/\/epinut.umh.es\/en\/wp-json\/wp\/v2\/media?parent=2297"}],"curies":[{"name":"wp","href":"https:\/\/api.w.org\/{rel}","templated":true}]}}